{"id":207736,"date":"2023-11-02T15:00:36","date_gmt":"2023-11-02T15:00:36","guid":{"rendered":"https:\/\/torricellapeligna.org\/persone-degne-di-nota\/"},"modified":"2023-11-08T10:15:12","modified_gmt":"2023-11-08T10:15:12","slug":"persone-degne-di-nota","status":"publish","type":"page","link":"https:\/\/torricellapeligna.org\/it\/persone-degne-di-nota\/","title":{"rendered":"Persone degne di nota"},"content":{"rendered":"<p>[et_pb_section fb_built=&#8221;1&#8243; fullwidth=&#8221;on&#8221; admin_label=&#8221;Hero Section&#8221; _builder_version=&#8221;4.16&#8243; background_color=&#8221;#233b4e&#8221; parallax=&#8221;on&#8221; custom_padding=&#8221;0px|0px|0px|0px&#8221; global_colors_info=&#8221;{}&#8221;][et_pb_fullwidth_header title=&#8221;Persone degne di nota&#8221; header_fullscreen=&#8221;on&#8221; background_overlay_color=&#8221;rgba(29,38,51,0.86)&#8221; content_max_width=&#8221;700px&#8221; admin_label=&#8221;Hero&#8221; _builder_version=&#8221;4.23&#8243; title_font=&#8221;|700||on|||||&#8221; title_font_size=&#8221;80px&#8221; title_line_height=&#8221;1.3em&#8221; content_font=&#8221;||||||||&#8221; content_font_size=&#8221;20px&#8221; content_line_height=&#8221;1.8em&#8221; background_color=&#8221;rgba(255, 255, 255, 0)&#8221; background_image=&#8221;https:\/\/torricellapeligna.org\/wp-content\/uploads\/2023\/06\/john-Fante-festival-1.jpg&#8221; custom_button_one=&#8221;on&#8221; button_one_border_radius=&#8221;0px&#8221; button_one_letter_spacing=&#8221;4px&#8221; button_one_font=&#8221;Oswald|on||on|&#8221; button_one_icon=&#8221;&#x24;||divi||400&#8243; button_one_icon_color=&#8221;#ffffff&#8221; custom_padding=&#8221;100px||100px||true|false&#8221; animation_style=&#8221;zoom&#8221; animation_direction=&#8221;bottom&#8221; animation_intensity_zoom=&#8221;4%&#8221; hover_enabled=&#8221;0&#8243; title_font_size_tablet=&#8221;80px&#8221; title_font_size_phone=&#8221;40px&#8221; title_font_size_last_edited=&#8221;on|phone&#8221; button_one_text_color_hover=&#8221;#ffffff&#8221; button_one_border_color_hover=&#8221;#ffffff&#8221; button_one_border_radius_hover=&#8221;0px&#8221; button_one_letter_spacing_hover=&#8221;4px&#8221; button_one_bg_color_hover=&#8221;rgba(0,0,0,0)&#8221; global_colors_info=&#8221;{}&#8221; button_one_text_size__hover_enabled=&#8221;off&#8221; button_two_text_size__hover_enabled=&#8221;off&#8221; button_one_text_color__hover_enabled=&#8221;on&#8221; button_one_text_color__hover=&#8221;#ffffff&#8221; button_two_text_color__hover_enabled=&#8221;off&#8221; button_one_border_width__hover_enabled=&#8221;off&#8221; button_two_border_width__hover_enabled=&#8221;off&#8221; button_one_border_color__hover_enabled=&#8221;on&#8221; button_one_border_color__hover=&#8221;#ffffff&#8221; button_two_border_color__hover_enabled=&#8221;off&#8221; button_one_border_radius__hover_enabled=&#8221;on&#8221; button_one_border_radius__hover=&#8221;0px&#8221; button_two_border_radius__hover_enabled=&#8221;off&#8221; button_one_letter_spacing__hover_enabled=&#8221;on&#8221; button_one_letter_spacing__hover=&#8221;4px&#8221; button_two_letter_spacing__hover_enabled=&#8221;off&#8221; button_one_bg_color__hover_enabled=&#8221;on&#8221; button_one_bg_color__hover=&#8221;rgba(0,0,0,0)&#8221; button_two_bg_color__hover_enabled=&#8221;off&#8221; sticky_enabled=&#8221;0&#8243;]<\/p>\n<p><span>In questa pagina troverete una raccolta di persone di Torricella Peligna o legate alla citt\u00e0 che hanno raggiunto grandi traguardi nella loro vita.<\/span><\/p>\n<p>[\/et_pb_fullwidth_header][\/et_pb_section][et_pb_section fb_built=&#8221;1&#8243; _builder_version=&#8221;4.21.0&#8243; _module_preset=&#8221;default&#8221; background_color=&#8221;#EDECE3&#8243; custom_padding=&#8221;0px||35px|||&#8221; global_colors_info=&#8221;{}&#8221;][et_pb_row column_structure=&#8221;1_4,1_4,1_4,1_4&#8243; use_custom_gutter=&#8221;on&#8221; gutter_width=&#8221;1&#8243; make_equal=&#8221;on&#8221; admin_label=&#8221;Galleria&#8221; module_class=&#8221; et_pb_row_fullwidth&#8221; _builder_version=&#8221;4.16&#8243; width=&#8221;100%&#8221; width_tablet=&#8221;100%&#8221; width_phone=&#8221;100%&#8221; width_last_edited=&#8221;on|desktop&#8221; max_width=&#8221;100%&#8221; max_width_tablet=&#8221;100%&#8221; max_width_phone=&#8221;100%&#8221; max_width_last_edited=&#8221;on|desktop&#8221; custom_padding=&#8221;0px||5px|||&#8221; make_fullwidth=&#8221;on&#8221; global_colors_info=&#8221;{}&#8221;][et_pb_column type=&#8221;1_4&#8243; _builder_version=&#8221;4.16&#8243; custom_padding=&#8221;|||&#8221; global_colors_info=&#8221;{}&#8221; custom_padding__hover=&#8221;|||&#8221;][et_pb_image src=&#8221;https:\/\/torricellapeligna.org\/wp-content\/uploads\/2023\/11\/NotableVDiPaola-joe-1.jpg&#8221; title_text=&#8221;NotevoleVDiPaola-joe (1)&#8221; show_in_lightbox=&#8221;on&#8221; force_fullwidth=&#8221;on&#8221; align_tablet=&#8221;center&#8221; align_phone=&#8221;center&#8221; align_last_edited=&#8221;on|desktop&#8221; _builder_version=&#8221;4.23&#8243; height=&#8221;700px&#8221; animation_style=&#8221;zoom&#8221; animation_intensity_zoom=&#8221;10%&#8221; global_colors_info=&#8221;{}&#8221;][\/et_pb_image][\/et_pb_column][et_pb_column type=&#8221;1_4&#8243; _builder_version=&#8221;4.16&#8243; custom_padding=&#8221;|||&#8221; global_colors_info=&#8221;{}&#8221; custom_padding__hover=&#8221;|||&#8221;][et_pb_image src=&#8221;https:\/\/torricellapeligna.org\/wp-content\/uploads\/2023\/06\/2.png&#8221; title_text=&#8221;2&#8243; show_in_lightbox=&#8221;on&#8221; force_fullwidth=&#8221;on&#8221; align_tablet=&#8221;center&#8221; align_phone=&#8221;center&#8221; align_last_edited=&#8221;on|desktop&#8221; _builder_version=&#8221;4.23&#8243; height=&#8221;700px&#8221; max_height=&#8221;700px&#8221; animation_style=&#8221;zoom&#8221; animation_delay=&#8221;100ms&#8221; animation_intensity_zoom=&#8221;10%&#8221; locked=&#8221;off&#8221; global_colors_info=&#8221;{}&#8221;][\/et_pb_image][\/et_pb_column][et_pb_column type=&#8221;1_4&#8243; _builder_version=&#8221;4.16&#8243; custom_padding=&#8221;|||&#8221; global_colors_info=&#8221;{}&#8221; custom_padding__hover=&#8221;|||&#8221;][et_pb_image src=&#8221;https:\/\/torricellapeligna.org\/wp-content\/uploads\/2023\/11\/NotableLMancini-1.jpg&#8221; title_text=&#8221;NotevoleLMancini (1)&#8221; show_in_lightbox=&#8221;on&#8221; force_fullwidth=&#8221;on&#8221; align_tablet=&#8221;center&#8221; align_phone=&#8221;center&#8221; align_last_edited=&#8221;on|desktop&#8221; _builder_version=&#8221;4.23&#8243; height=&#8221;700px&#8221; animation_style=&#8221;zoom&#8221; animation_delay=&#8221;200ms&#8221; animation_intensity_zoom=&#8221;10%&#8221; locked=&#8221;off&#8221; global_colors_info=&#8221;{}&#8221;][\/et_pb_image][\/et_pb_column][et_pb_column type=&#8221;1_4&#8243; _builder_version=&#8221;4.16&#8243; custom_padding=&#8221;|||&#8221; global_colors_info=&#8221;{}&#8221; custom_padding__hover=&#8221;|||&#8221;][et_pb_image src=&#8221;https:\/\/torricellapeligna.org\/wp-content\/uploads\/2023\/11\/3872.webp&#8221; title_text=&#8221;3872&#8243; show_in_lightbox=&#8221;on&#8221; force_fullwidth=&#8221;on&#8221; align_tablet=&#8221;center&#8221; align_phone=&#8221;center&#8221; align_last_edited=&#8221;on|desktop&#8221; _builder_version=&#8221;4.23&#8243; height=&#8221;700px&#8221; animation_style=&#8221;zoom&#8221; animation_delay=&#8221;300ms&#8221; animation_intensity_zoom=&#8221;10%&#8221; locked=&#8221;off&#8221; global_colors_info=&#8221;{}&#8221;][\/et_pb_image][\/et_pb_column][\/et_pb_row][\/et_pb_section][et_pb_section fb_built=&#8221;1&#8243; _builder_version=&#8221;4.21.0&#8243; _module_preset=&#8221;default&#8221; background_color=&#8221;#343A40&#8243; custom_padding=&#8221;32px||35px|||&#8221; global_colors_info=&#8221;{}&#8221;][et_pb_row column_structure=&#8221;2_5,3_5&#8243; _builder_version=&#8221;4.21.0&#8243; _module_preset=&#8221;default&#8221; custom_padding=&#8221;||38px|||&#8221; global_colors_info=&#8221;{}&#8221;][et_pb_column type=&#8221;2_5&#8243; _builder_version=&#8221;4.21.0&#8243; _module_preset=&#8221;default&#8221; global_colors_info=&#8221;{}&#8221;][et_pb_image src=&#8221;https:\/\/torricellapeligna.org\/wp-content\/uploads\/2023\/06\/how-to-eat-like-silvia-collocay-19252-3.jpg&#8221; title_text=&#8221;how-to-eat-like-silvia-collocay-19252-3&#8243; _builder_version=&#8221;4.21.0&#8243; _module_preset=&#8221;default&#8221; global_colors_info=&#8221;{}&#8221;][\/et_pb_image][\/et_pb_column][et_pb_column type=&#8221;3_5&#8243; _builder_version=&#8221;4.21.0&#8243; _module_preset=&#8221;default&#8221; global_colors_info=&#8221;{}&#8221;][et_pb_text _builder_version=&#8221;4.21.0&#8243; _module_preset=&#8221;default&#8221; text_text_color=&#8221;#EDECE3&#8243; header_text_color=&#8221;#EDECE3&#8243; header_font_size=&#8221;40px&#8221; global_colors_info=&#8221;{}&#8221;]<\/p>\n<h1>Silvia Colloca<\/h1>\n<p>Silvia Colloca \u00e8 un&#8217;attrice italo-australiana, cantante lirica, autrice di libri di cucina e personaggio televisivo di programmi di cucina.<br \/>\nHa pubblicato sei libri di cucina. <\/p>\n<p>Colloca \u00e8 nata a Milano da Loredana e Mario Colloca.<br \/>\nIl suo unico ruolo cinematografico di rilievo \u00e8 stato in Van Helsing, dove interpretava Verona, una delle spose di Dracula.<br \/>\nIl 25 settembre 2004, nel castello medievale di Montalto in Toscana, ha sposato l&#8217;attore australiano Richard Roxburgh, che in quel film interpretava Dracula.<br \/>\nHanno due figli e una figlia.<br \/>\nLa famiglia risiede attualmente a Sydney.    <\/p>\n<p>Colloca \u00e8 un mezzosoprano di formazione operistica e ha lavorato come interprete di teatro musicale in Italia prima di diventare attrice cinematografica.<br \/>\n\u00c8 apparsa nel 2015 come Orfeo nell&#8217;Orfeo ed Euridice di Gluck a Sydney e come Regina nella produzione di Biancaneve di Lindy Hume per Opera Queensland e La Boite theatre nel 2016.<br \/>\nIl suo album di debutto, Sing Like an Italian, \u00e8 stato pubblicato da Decca nell&#8217;ottobre 2022.<br \/>\nL&#8217;attrice interpreta quattro numeri insieme ad arie e canzoni d&#8217;autore di cantanti di fama internazionale.<br \/>\nL&#8217;album ha debuttato al n. 1 delle classifiche ARIA Core Classical e Classical\/Crossover.    <\/p>\n<p>Made in Italy with Silvia Colloca \u00e8 una serie televisiva australiana in 10 puntate, trasmessa in anteprima su SBS TV nel novembre 2014, in coincidenza con la pubblicazione dell&#8217;omonimo libro.<br \/>\nLa Colloca ha portato una troupe a casa sua per incontrare la sua famiglia italiana, mostrando tre pittoresche regioni d&#8217;Italia: l&#8217;Abruzzo, in particolare Torricella Peligna, da cui proviene la sua famiglia, le Marche e il Molise, utilizzando la cucina di sua madre per presentare i suoi piatti. <\/p>\n<p>Silvia&#8217;s Italian Table, una serie di cucina e reality in otto puntate, ha debuttato sulla ABC il 6 ottobre 2016.<br \/>\nIn ogni episodio, Colloca invita un gruppo di celebrit\u00e0 a cucinare e mangiare con lei e a intrattenere una conversazione divertente e intelligente.   <\/p>\n<p>[\/et_pb_text][\/et_pb_column][\/et_pb_row][\/et_pb_section][et_pb_section fb_built=&#8221;1&#8243; _builder_version=&#8221;4.21.0&#8243; _module_preset=&#8221;default&#8221; background_color=&#8221;#EDECE3&#8243; custom_padding=&#8221;32px||35px|||&#8221; global_colors_info=&#8221;{}&#8221;][et_pb_row column_structure=&#8221;3_5,2_5&#8243; _builder_version=&#8221;4.21.0&#8243; _module_preset=&#8221;default&#8221; custom_padding=&#8221;56px||38px|||&#8221; global_colors_info=&#8221;{}&#8221;][et_pb_column type=&#8221;3_5&#8243; _builder_version=&#8221;4.21.0&#8243; _module_preset=&#8221;default&#8221; global_colors_info=&#8221;{}&#8221;][et_pb_text _builder_version=&#8221;4.21.0&#8243; _module_preset=&#8221;default&#8221; header_font_size=&#8221;40px&#8221; global_colors_info=&#8221;{}&#8221;]<\/p>\n<h1>Guglielmo Coladonato<\/h1>\n<p>Nato il 3 gennaio del 1933 a Torricella Peligna, risiede e lavora a Roma .<\/p>\n<p>A 12 anni, nel 1945, insieme ad altri 150 ragazzi, fra i 5 e i 15 anni, accumunati dalla stessa sorte di essere rimasti orfani di guerra, fu accolto a Silvi Marina in uno di quei \u201cVillaggi dei fanciulli\u201d voluti dal governo per aiutare i bambini bisognosi. La maggior parte di essi restarono sino al 1951-52. <\/p>\n<p>Durante quel periodo Guglielmo passava il tempo libero, che era tantissimo datosi che le lezioni di scuola erano poche, dedicandosi alla scultura. Trasformava in statue o in altre figure tutto ci\u00f2 che gli passava per le mani, gesso, pietre, terra. <\/p>\n<p>Una volta uscito dal villaggio \u00e8 andato in Svizzera per continuare gli studi poi si \u00e8 trasferito a Roma, si \u00e8 sposato, ha avuto due figli ed ha coltivato sempre il suo hobby, la scultura.<\/p>\n<p>Pi\u00f9 tardi prov\u00f2 anche con la pittura, anch\u2019essa come hobby.<\/p>\n<p>Esposizioni nei pi\u00f9 grandi musei d\u2019Italia, Londra, New York, Venezuela. Centinaia di premi, critiche e perfino un insolito fatto: dipingere un nudo femminile in diretta TV. <\/p>\n<p>Il suo successo \u00e8 continuato. Centinaia di sue opere sono state esposte nelle gallerie d&#8217;arte di Roma, Milano, Firenze, New York e Londra, alle Nazioni Unite e nella Sala dei Deputati a Roma. <\/p>\n<p>L&#8217;Enciclopedia dell&#8217;Arte Italiana ne parla come di un artista dalla &#8220;fervida ispirazione, dai colori vivaci e dalla scelta interessante dei soggetti&#8221;. La spontaneit\u00e0 della sua pittura \u00e8 evidente, cos\u00ec come la sua immaginazione che anima tutte le sue concezioni artistiche. I suoi dipinti colpiscono l&#8217;immaginazione e si ricordano facilmente&#8221;. L&#8217;atmosfera della sua terra natale accompagna l&#8217;artista nella sua vita e ispira le sue opere: i colori del paesaggio e della gente abruzzese, che Coladonato ricorda cos\u00ec: &#8220;Vengo dall&#8217;Abruzzo. Ho sempre davanti agli occhi l&#8217;apertura del mio paesaggio natio nutrito di luce, di grigi, di verdi, della campagna stessa, con la malinconia, la tristezza della mia gente semplice, pronta a riscattarsi per un futuro migliore. Rivedo le mie rocce, sulle quali ho ricamato i miei primi sogni di artista&#8221;. <\/p>\n<p>Le opere di Coladonato hanno attualmente un valore variabile dai 600,00 euro ai 9.000,00 euro<\/p>\n<p>[\/et_pb_text][\/et_pb_column][et_pb_column type=&#8221;2_5&#8243; _builder_version=&#8221;4.21.0&#8243; _module_preset=&#8221;default&#8221; global_colors_info=&#8221;{}&#8221;][et_pb_code _builder_version=&#8221;4.21.0&#8243; _module_preset=&#8221;default&#8221; global_colors_info=&#8221;{}&#8221;]<iframe width=\"560\" height=\"315\" data-src=\"https:\/\/www.youtube.com\/embed\/mQx2HR4Yqac\" title=\"YouTube video player\" frameborder=\"0\" allow=\"accelerometer; autoplay; clipboard-write; encrypted-media; gyroscope; picture-in-picture; web-share\" allowfullscreen=\"\" src=\"data:image\/svg+xml;base64,PHN2ZyB3aWR0aD0iMSIgaGVpZ2h0PSIxIiB4bWxucz0iaHR0cDovL3d3dy53My5vcmcvMjAwMC9zdmciPjwvc3ZnPg==\" class=\"lazyload\" data-load-mode=\"1\"><\/iframe>[\/et_pb_code][\/et_pb_column][\/et_pb_row][\/et_pb_section][et_pb_section fb_built=&#8221;1&#8243; _builder_version=&#8221;4.21.0&#8243; _module_preset=&#8221;default&#8221; background_color=&#8221;#343A40&#8243; custom_padding=&#8221;32px||35px|||&#8221; global_colors_info=&#8221;{}&#8221;][et_pb_row column_structure=&#8221;2_5,3_5&#8243; _builder_version=&#8221;4.21.0&#8243; _module_preset=&#8221;default&#8221; custom_padding=&#8221;||38px|||&#8221; global_colors_info=&#8221;{}&#8221;][et_pb_column type=&#8221;2_5&#8243; _builder_version=&#8221;4.21.0&#8243; _module_preset=&#8221;default&#8221; global_colors_info=&#8221;{}&#8221;][et_pb_image src=&#8221;https:\/\/torricellapeligna.org\/wp-content\/uploads\/2023\/06\/download.jpeg&#8221; title_text=&#8221;scaricare&#8221; align=&#8221;center&#8221; _builder_version=&#8221;4.21.0&#8243; _module_preset=&#8221;default&#8221; global_colors_info=&#8221;{}&#8221;][\/et_pb_image][et_pb_image src=&#8221;https:\/\/torricellapeligna.org\/wp-content\/uploads\/2023\/07\/LTSP_Weiser_window-scaled.jpg&#8221; title_text=&#8221;LTSP_Weiser_window&#8221; align=&#8221;center&#8221; _builder_version=&#8221;4.21.0&#8243; _module_preset=&#8221;default&#8221; module_alignment=&#8221;center&#8221; max_height=&#8221;600px&#8221; global_colors_info=&#8221;{}&#8221;][\/et_pb_image][\/et_pb_column][et_pb_column type=&#8221;3_5&#8243; _builder_version=&#8221;4.21.0&#8243; _module_preset=&#8221;default&#8221; global_colors_info=&#8221;{}&#8221;][et_pb_text _builder_version=&#8221;4.21.0&#8243; _module_preset=&#8221;default&#8221; text_text_color=&#8221;#EDECE3&#8243; header_text_color=&#8221;#EDECE3&#8243; header_font_size=&#8221;40px&#8221; global_colors_info=&#8221;{}&#8221;]<\/p>\n<h1><b>Nicola D&#8217;Ascenzo<\/b><\/h1>\n<p>(25 settembre 1871, Torricella Peligna, Italia &#8211; 13 aprile 1954, Filadelfia, Pennsylvania)<\/p>\n<p>\u00e8 stato un designer di vetrate, pittore e istruttore americano di origine italiana. \u00c8 conosciuto soprattutto per aver creato le vetrate della Washington Memorial Chapel a Valley Forge, Pennsylvania; del Nipper Building a Camden, New Jersey; della Loyola Alumni Chapel of Our Lady alla Loyola University Maryland; della Folger Shakespeare Library e della Washington National Cathedral, entrambe a Washington. <\/p>\n<p>He was born in Torricella Peligna, Italy, into a family of artists, metalworkers and armor makers. His immediate family emigrated to the United States in 1882, and settled in Philadelphia, Pennsylvania. Working as a mural painter while in his teens, he attended night classes at the Pennsylvania Academy of the Fine Arts. He attended and then taught at the Pennsylvania Museum School, where he met his wife, fellow instructor Myrtle Dell Goodwin (1864\u20131954).    Si sposano nel 1894 e si trasferiscono in Italia, dove l&#8217;artista studia alla Scuola Libera di Roma. La coppia torna a Filadelfia nel 1896, dove l&#8217;artista lavora come ritrattista e apre i D&#8217;Ascenzo Studios, inizialmente un&#8217;azienda di decorazione d&#8217;interni. <\/p>\n<p>D&#8217;Ascenzo ricevette una medaglia alla World&#8217;s Columbian Exposition di Chicago del 1893, la medaglia d&#8217;oro del T-Square Club di Filadelfia del 1898, il secondo premio per l&#8217;artigianato alla Americanization Through Art Exhibition di Filadelfia del 1916 (il primo premio fu assegnato a Samuel Yellin) e la medaglia d&#8217;oro della Architectural League di New York del 1925. Ha esposto alla Pennsylvania Academy of the Fine Arts: 1892-1904, 1916 e 1936. \u00c8 stato presidente della Stained Glass Association of America nel 1929-1930. \u00c8 stato membro del Philadelphia Board of Education (1934-1948) e ha organizzato mostre d&#8217;arte che hanno fatto il giro delle scuole pubbliche della citt\u00e0. L&#8217;Universit\u00e0 della Pennsylvania ha ospitato nel 1938 una mostra di dipinti, disegni e vetrate di D&#8217;Ascenzo.  <\/p>\n<p>Tra il 1904 e il 1954, gli studi D&#8217;Ascenzo hanno realizzato pi\u00f9 di 7.800 vetrate.<\/p>\n<p>La porta &#8220;Doubting Thomas&#8221; della Christ Church Cranbrook a Bloomfield Hills, Michigan, presenta un piccolo ritratto in bassorilievo di D&#8217;Ascenzo come artigiano medievale. L&#8217;intagliatore Johannes Kirchmayer ha scolpito le immagini dei vari artigiani che hanno lavorato alla chiesa.<\/p>\n<p>D&#8217;Ascenzo, sua moglie Myrtle G. D&#8217;Ascenzo (1864-1954) e il figlio Nicola Goodwin D&#8217;Ascenzo (1905-1958) sono sepolti sul sagrato della Washington Memorial Chapel a Valley Forge, Pennsylvania.<\/p>\n<p>I documenti aziendali dei D&#8217;Ascenzo Studios e gli schizzi di molte delle sue opere sono conservati nella collezione dell&#8217;Ateneo di Filadelfia. I dipinti di D&#8217;Ascenzo appaiono occasionalmente all&#8217;asta.<\/p>\n<p>&nbsp;<\/p>\n<p>[\/et_pb_text][\/et_pb_column][\/et_pb_row][\/et_pb_section][et_pb_section fb_built=&#8221;1&#8243; _builder_version=&#8221;4.21.0&#8243; _module_preset=&#8221;default&#8221; background_color=&#8221;#EDECE3&#8243; custom_padding=&#8221;32px||35px|||&#8221; global_colors_info=&#8221;{}&#8221;][et_pb_row column_structure=&#8221;1_2,1_2&#8243; _builder_version=&#8221;4.21.0&#8243; _module_preset=&#8221;default&#8221; custom_padding=&#8221;||0px|||&#8221; global_colors_info=&#8221;{}&#8221;][et_pb_column type=&#8221;1_2&#8243; _builder_version=&#8221;4.21.0&#8243; _module_preset=&#8221;default&#8221; global_colors_info=&#8221;{}&#8221;][et_pb_text _builder_version=&#8221;4.21.0&#8243; _module_preset=&#8221;default&#8221; header_font_size=&#8221;40px&#8221; custom_padding=&#8221;||18px|||&#8221; global_colors_info=&#8221;{}&#8221;]<\/p>\n<h1>Silvio Di Luzio<\/h1>\n<p><span style=\"font-weight: 400;\">Silvio Di Luzio era un partigiano della Brigata Maiella e un minatore eroe di Marcinelle. L&#8217;8 agosto 1956, con la squadra di soccorso, Di Luzio partecip\u00f2 a salvare la vita di tre colleghi di lavoro al Bois du Cazier in seguito all&#8217;esplosione della miniera che caus\u00f2 la morte di 262 minatori. Aveva 79 anni ed era nato a Torricella Peligna.  <\/span><\/p>\n<p><span style=\"font-weight: 400;\">An Abruzzese from the Maiella. Questo \u00e8 il tipo di uomo che era Silvio Di Luzio. Coraggioso e altruista. Vestito con la pelle burbera di un abruzzese di montagna. One to whom chance had gifted nothing. La mattina dell&#8217;8 agosto 1956, quando il sinistro lamento della sirena della miniera di carbone di Bois du Cazier scosse tutta Marcinelle, lui era a casa sua. Aveva finito il suo turno di lavoro solo da poche ore. L&#8217;ufficio della direzione della miniera ha mandato un&#8217;ambulanza a prenderlo.<\/span><\/p>\n<p>[\/et_pb_text][\/et_pb_column][et_pb_column type=&#8221;1_2&#8243; _builder_version=&#8221;4.21.0&#8243; _module_preset=&#8221;default&#8221; global_colors_info=&#8221;{}&#8221;][et_pb_image src=&#8221;https:\/\/torricellapeligna.org\/wp-content\/uploads\/2023\/06\/NotableSDiLuzio.jpg&#8221; title_text=&#8221;NotableSDiLuzio&#8221; _builder_version=&#8221;4.21.0&#8243; _module_preset=&#8221;default&#8221; global_colors_info=&#8221;{}&#8221;][\/et_pb_image][\/et_pb_column][\/et_pb_row][et_pb_row _builder_version=&#8221;4.21.0&#8243; _module_preset=&#8221;default&#8221; custom_padding=&#8221;18px|||||&#8221; global_colors_info=&#8221;{}&#8221;][et_pb_column type=&#8221;4_4&#8243; _builder_version=&#8221;4.21.0&#8243; _module_preset=&#8221;default&#8221; global_colors_info=&#8221;{}&#8221;][et_pb_text _builder_version=&#8221;4.21.0&#8243; _module_preset=&#8221;default&#8221; global_colors_info=&#8221;{}&#8221;]<\/p>\n<p>Cos\u00ec, quando erano passati solo 20-30 minuti dall&#8217;esplosione e dall&#8217;incendio nella miniera, scese nel pozzo maledetto con quattro colleghi. Un buco nero di cinque metri di diametro che scendeva per oltre un chilometro.<\/p>\n<p>Di Luzio \u00e8 sceso in un ascensore di servizio per 400 metri. Sfidare il destino e le fiamme. Fu cos\u00ec che riusc\u00ec a salvare tre suoi colleghi, tre poveri diavoli giunti a Marcinelle in base a un accordo tra governi, che prevedeva che lo Stato italiano acquistasse 200 chili di carbone a un prezzo ragionevole per ogni minatore inviato in Belgio.<\/p>\n<p>Si tratta del tristemente famoso &#8220;accordo uomo-carbone&#8221;, che l&#8217;Italia firm\u00f2 nel dopoguerra per cercare di ottenere per s\u00e9 le risorse necessarie alla ricostruzione di una Nazione distrutta e in ginocchio.<\/p>\n<p>Di Luzio \u00e8 stato uno dei tanti giovani che ha visto in quest&#8217;opera una possibilit\u00e0 di riscatto. Un salario con cui guardare al proprio futuro in modo meno disperato. Come migliaia di altri giovani italiani, proveniva dalla parte pi\u00f9 povera dell&#8217;Italia: Abruzzo e Veneto erano le peggiori, poi Calabria, Molise e Campania.<\/p>\n<p>Se c&#8217;\u00e8 un tratto che contraddistingue la vita di Silvio Di Luzio, questo eroe della quotidianit\u00e0, del lavoro e dell&#8217;altruismo, \u00e8 sicuramente il coraggio di ricominciare sempre da capo. Non arrendersi mai.<\/p>\n<p>He did it at 17, when he decided not to submit any more to the abuses meted out by the Germans throughout the Maiella area. Imbracci\u00f2 il fucile e si un\u00ec alla guerra dei partigiani. Di Luzio fu uno di quelli che liberarono l&#8217;Italia. Uno dei primi patrioti della Brigata Maiella a entrare a Bologna. Poi il ritorno a casa, a Torricella Peligna. La rabbia di sentirsi trattato come un peso morto, come un malfattore, perch\u00e9 era stato un &#8220;partigiano&#8221;. Nell&#8217;immediato dopoguerra, a causa della classificazione badogliana[1] o fascista, riallestita da Togliatti[2] che all&#8217;epoca era Ministro della Giustizia, che graziava i funzionari del partito di regime, ma che considerava chi era stato partigiano poco meglio di un &#8220;brigante&#8221;.<\/p>\n<p>Di Luzio fugge da Torricella e ricomincia la sua vita, con quattro anni di servizio di guerra alle spalle. Nelle profondit\u00e0 delle miniere belghe si imbatt\u00e9 in prigionieri tedeschi contro i quali aveva combattuto.<\/p>\n<p>Ma andiamo avanti. Non si \u00e8 arreso.  Non \u00e8 sprofondato nella disperazione. Dopo 10 anni di lavoro in miniera \u00e8 stato &#8220;promosso&#8221; e si \u00e8 unito alla squadra di soccorso. Aveva messo su famiglia. Due figli. Avrebbe potuto contare su una vita tranquilla quella mattina dell&#8217;8 agosto 1956, avrebbe potuto decidere che era impossibile scendere in quell&#8217;inferno, come gli avevano ripetuto i responsabili della miniera. Ma non era questo il suo modo di fare. Era l\u00ec per salvare la vita dei suoi amici e ha cercato di farlo con il coraggio e la determinazione che erano parte integrante del suo essere, un &#8220;abruzzese della Maiella&#8221;. Quel gesto colp\u00ec molto il re del Belgio Baldovino, che quello stesso anno, il 1956, gli confer\u00ec la pi\u00f9 alta onorificenza dello Stato. Anche il film TV &#8220;Marcinelle&#8221; \u00e8 stato ispirato dagli atti di Di Luzio. Il suo gesto eroico \u00e8 stato interpretato sullo schermo da Claudio Amendola[3].<\/p>\n<p>L&#8217;uomo della Maiella continu\u00f2 a lavorare per altri 15 anni dopo la tragedia. Era un operaio in un&#8217;acciaieria. Doveva crescere i suoi figli. In questo mondo che non riconosce nulla non si pu\u00f2 vivere di medaglie.<\/p>\n<p>Il suo pi\u00f9 grande orgoglio era quello di essere riuscito ad aiutare il figlio a diventare ingegnere. E di aver &#8220;incastrato&#8221; sua figlia.<\/p>\n<p>Per tutta la vita, l&#8217;uomo della Maiella si \u00e8 battuto per la memoria dei suoi amici morti nella miniera di carbone. Soprattutto quando volevano abbattere i resti delle torri della miniera per costruirci sopra un ipermercato. Questa \u00e8 stata l&#8217;ultima grande battaglia di un vero uomo. La miniera del Bois du Cazier \u00e8 oggi un museo dedicato alla memoria del lavoro degli italiani all&#8217;estero, ma ci mancher\u00e0 la voce roca di Silvio, il minatore partigiano della Maiella.<\/p>\n<p>[\/et_pb_text][\/et_pb_column][\/et_pb_row][\/et_pb_section][et_pb_section fb_built=&#8221;1&#8243; _builder_version=&#8221;4.21.0&#8243; _module_preset=&#8221;default&#8221; background_color=&#8221;#343A40&#8243; custom_padding=&#8221;32px||35px|||&#8221; global_colors_info=&#8221;{}&#8221;][et_pb_row column_structure=&#8221;2_5,3_5&#8243; _builder_version=&#8221;4.21.0&#8243; _module_preset=&#8221;default&#8221; custom_padding=&#8221;||38px|||&#8221; global_colors_info=&#8221;{}&#8221;][et_pb_column type=&#8221;2_5&#8243; _builder_version=&#8221;4.21.0&#8243; _module_preset=&#8221;default&#8221; global_colors_info=&#8221;{}&#8221;][et_pb_image src=&#8221;https:\/\/torricellapeligna.org\/wp-content\/uploads\/2023\/06\/NotableVDiPaola-joe.jpg&#8221; title_text=&#8221;NotableVDiPaola-joe&#8221; _builder_version=&#8221;4.21.0&#8243; _module_preset=&#8221;default&#8221; global_colors_info=&#8221;{}&#8221;][\/et_pb_image][\/et_pb_column][et_pb_column type=&#8221;3_5&#8243; _builder_version=&#8221;4.21.0&#8243; _module_preset=&#8221;default&#8221; global_colors_info=&#8221;{}&#8221;][et_pb_text _builder_version=&#8221;4.21.0&#8243; _module_preset=&#8221;default&#8221; text_text_color=&#8221;#EDECE3&#8243; header_text_color=&#8221;#EDECE3&#8243; header_font_size=&#8221;40px&#8221; global_colors_info=&#8221;{}&#8221;]<\/p>\n<h1><b>Vincenzo Di Paola<\/b><\/h1>\n<p>Vincenzo Di Paola nacque a Torricella Peligna (Chieti) il 20 ottobre 1836.<br \/>\nRicevette la sua prima formazione in una scuola privata ispirata ai metodi e agli ideali di Basilio Puoti, fondata e diretta ad Agnone da alcuni giovani sacerdoti liberali: tra questi, Francescantonio Marinelli (il &#8220;caro maestro&#8221; con cui Vincenzo mantenne un affettuoso rapporto epistolare tra il 1886 e il 1892) e \u2799 Ippolito Amicarelli. <\/p>\n<p>Prosegue gli studi a Napoli, laureandosi in Giurisprudenza nel 1857. All&#8217;indomani dell&#8217;Unit\u00e0, fu chiamato a insegnare lingua italiana e composizione nella scuola femminile di Campobasso (1864). Nominato professore di letteratura italiana nel liceo Pagano della stessa citt\u00e0 nel 1867 (a questo periodo risalgono alcuni discorsi letti in occasione delle feste letterarie che vi si tenevano), il DP ricopr\u00ec parallelamente incarichi di insegnamento nei congressi magistrali del Molise, inserendosi nel vivace dibattito dell&#8217;epoca sulla questione dell&#8217;insegnamento della grammatica, in quanto &#8220;non amico della Grammatica, e sostenitore dell&#8217;esempio come strumento educativo&#8221; (Premessa data dal professor Vincenzo Di Paola alle sue lezioni di lingua nei congressi magistrali, 1870). Ha svolto anche attivit\u00e0 didattica come professore di italiano negli istituti tecnici e nella scuola normale maschile del capoluogo molisano.<\/p>\n<p>Approd\u00f2 poi al prestigioso liceo &#8220;Visconti&#8221; di Roma cui segu\u00ec, negli anni &#8217;80, l&#8217;incarico di preside-rettore del collegio &#8220;Duni&#8221; di Matera e poi di un istituto analogo a L&#8217;Aquila. Promosso Provveditore agli studi, il DP prest\u00f2 servizio ad Ascoli Piceno, Livorno e infine a Bergamo, dove concluse la sua carriera (i ricordi della sua vita trascorsa &#8220;quasi tutta nelle e per le scuole&#8221;, insieme a scritti poetici e pedagogici, sono raccolti nel volume autobiografico Versi e prose, 1911). Il DP mor\u00ec a Torricella Peligna nel 1918.<\/p>\n<p>[\/et_pb_text][\/et_pb_column][\/et_pb_row][\/et_pb_section][et_pb_section fb_built=&#8221;1&#8243; _builder_version=&#8221;4.21.0&#8243; _module_preset=&#8221;default&#8221; background_color=&#8221;#EDECE3&#8243; custom_padding=&#8221;32px||35px|||&#8221; global_colors_info=&#8221;{}&#8221;][et_pb_row column_structure=&#8221;3_5,2_5&#8243; _builder_version=&#8221;4.21.0&#8243; _module_preset=&#8221;default&#8221; custom_padding=&#8221;||38px|||&#8221; global_colors_info=&#8221;{}&#8221;][et_pb_column type=&#8221;3_5&#8243; _builder_version=&#8221;4.21.0&#8243; _module_preset=&#8221;default&#8221; global_colors_info=&#8221;{}&#8221;][et_pb_text _builder_version=&#8221;4.21.0&#8243; _module_preset=&#8221;default&#8221; header_font_size=&#8221;40px&#8221; global_colors_info=&#8221;{}&#8221;]<\/p>\n<h1><b>Dan Fante<\/b><\/h1>\n<p><b><\/b><\/p>\n<p>Dan Fante \u00e8 nato a Los Angeles nel 1946. Figlio dello scrittore John Fante, scrive opere teatrali, poesie e romanzi. A vent&#8217;anni abbandona gli studi e inizia a viaggiare, conducendo una vita &#8220;difficile&#8221; e afflitta da problemi di alcolismo. Fa ogni tipo di lavoro. Ha iniziato a scrivere negli anni &#8217;90, ispirato dalle sue esperienze sull&#8217;orlo dell&#8217;abisso esistenziale.<\/p>\n<p>Da qualche anno la sua fama \u00e8 in ascesa. Ha appena firmato un contratto con la prestigiosa casa editrice statunitense Harper Collins, che ha ripubblicato tutte le sue opere.<\/p>\n<p>In Italia sono stati pubblicati: Angels in Pieces, Marcos y Marcos, 1999; Hooks, Marcos y Marcos, 2000; Mae West, East of the Equator, 2008; Don Giovanni, Edizioni Spartaco, 2009 e Buttarsi, Marcos y Marcos, 2010.<\/p>\n<p>[\/et_pb_text][\/et_pb_column][et_pb_column type=&#8221;2_5&#8243; _builder_version=&#8221;4.21.0&#8243; _module_preset=&#8221;default&#8221; global_colors_info=&#8221;{}&#8221;][et_pb_image src=&#8221;https:\/\/torricellapeligna.org\/wp-content\/uploads\/2023\/06\/3872.webp&#8221; title_text=&#8221;3872&#8243; _builder_version=&#8221;4.21.0&#8243; _module_preset=&#8221;default&#8221; max_height=&#8221;400px&#8221; global_colors_info=&#8221;{}&#8221;][\/et_pb_image][\/et_pb_column][\/et_pb_row][\/et_pb_section][et_pb_section fb_built=&#8221;1&#8243; _builder_version=&#8221;4.21.0&#8243; _module_preset=&#8221;default&#8221; background_color=&#8221;#343A40&#8243; custom_padding=&#8221;32px||35px|||&#8221; global_colors_info=&#8221;{}&#8221;][et_pb_row column_structure=&#8221;1_3,2_3&#8243; _builder_version=&#8221;4.21.0&#8243; _module_preset=&#8221;default&#8221; custom_padding=&#8221;||38px|||&#8221; global_colors_info=&#8221;{}&#8221;][et_pb_column type=&#8221;1_3&#8243; _builder_version=&#8221;4.21.0&#8243; _module_preset=&#8221;default&#8221; global_colors_info=&#8221;{}&#8221;][et_pb_image src=&#8221;https:\/\/torricellapeligna.org\/wp-content\/uploads\/2023\/06\/NotableLMancini.jpg&#8221; title_text=&#8221;NotevoleLMancini&#8221; _builder_version=&#8221;4.21.0&#8243; _module_preset=&#8221;default&#8221; global_colors_info=&#8221;{}&#8221;][\/et_pb_image][\/et_pb_column][et_pb_column type=&#8221;2_3&#8243; _builder_version=&#8221;4.21.0&#8243; _module_preset=&#8221;default&#8221; global_colors_info=&#8221;{}&#8221;][et_pb_text _builder_version=&#8221;4.21.0&#8243; _module_preset=&#8221;default&#8221; text_text_color=&#8221;#EDECE3&#8243; header_text_color=&#8221;#EDECE3&#8243; header_font_size=&#8221;40px&#8221; global_colors_info=&#8221;{}&#8221;]<\/p>\n<h1><b>Luigi &#8216;Gigi&#8217; Mancini<\/b><\/h1>\n<p>Mancini inizi\u00f2 la sua carriera nell&#8217;aviazione nel 1914, quando frequent\u00f2 la Prima Scuola Civile di Volo a Roma, e partecip\u00f2 nel 1915 al Gruppo Aviatori Volontari, con l&#8217;Onorevole Mont\u00f9, a Mirafiori. Come pilota di guerra, pilot\u00f2 un aereo Caproni in uno dei primi attacchi agli aerei nemici, usando un fucile che aveva portato a bordo, per cercare di colpire gli aerei avversari. Come pilota di caccia ha poi affrontato numerose battaglie aeree per le quali il suo nome \u00e8 stato proposto per le medaglie d&#8217;argento e di bronzo al valor militare.<\/p>\n<p>Dopo la guerra, la sua passione per il volo lo spinse verso le competizioni aeree, i record e il trasporto aereo commerciale. Per diversi anni \u00e8 stato redattore a Roma della &#8220;Gazzetta dell&#8217;Aviazione&#8221;; ha fondato e diretto le riviste &#8220;Aeronautica&#8221;, &#8220;Orario Aereo&#8221;, &#8220;Ali d&#8217;Italia&#8221;, oltre a numeri speciali dedicati a particolari manifestazioni ed esibizioni aeree, ecc. His last publication, that has been out for a number of years now, and still being published at the time of his death, was \u201cLa ruota diorama\u201d (The Diorama Wheel).<\/p>\n<p>C&#8217;\u00e8 una pubblicazione di Mancini che merita una menzione particolare per vari motivi: innanzitutto perch\u00e9 si tratta di un&#8217;opera davvero originale per l&#8217;epoca in cui \u00e8 stata scritta, il 1936; si tratta infatti della &#8220;Grande Enciclopedia Aeronautica&#8221;, un corposo volume di 660 pagine di testo, con innumerevoli illustrazioni. Pu\u00f2 sembrare strano che l&#8217;Enciclopedia Mancini non abbia avuto ulteriori edizioni o aggiornamenti periodici. Questa mancanza di continuit\u00e0, secondo noi, non risiede nell&#8217;opera in s\u00e9, ma pu\u00f2 essere attribuita piuttosto a qualcosa di curiosamente carente nel temperamento di Mancini; spirito profondamente indipendente e consapevole delle proprie capacit\u00e0 e realizzazioni, non aveva una delle leve pi\u00f9 sicure del successo, quella di poter chiedere l&#8217;appoggio dei potenti per le proprie idee. Faceva le cose da solo e si preoccupava di farle da solo, quasi come se si lanciasse continuamente una sfida.<\/p>\n<p>\u00c8 anche per questo, al di l\u00e0 di tutte le vicende della sua vita di aviatore, che forse Luigi Mancini non sar\u00e0 ricordato con applausi spettacolari, ma certamente rester\u00e0 al centro del cuore di chi lo ha conosciuto. Infine, a noi che siamo stati suoi colleghi e allievi, oltre a Mancini pioniere del volo, dell&#8217;aeronautica e dei collegamenti aerei commerciali, dispiace molto non poter descrivere in modo esauriente gli aurei attributi umani della sua personalit\u00e0, la sua modestia, la sua generosit\u00e0 e l&#8217;affettuoso altruismo che hanno reso la sua sincera amicizia un tesoro inestimabile.  <\/p>\n<p>&nbsp;<\/p>\n<p>[\/et_pb_text][\/et_pb_column][\/et_pb_row][\/et_pb_section][et_pb_section fb_built=&#8221;1&#8243; _builder_version=&#8221;4.21.0&#8243; _module_preset=&#8221;default&#8221; background_color=&#8221;#EDECE3&#8243; custom_padding=&#8221;32px||35px|||&#8221; global_colors_info=&#8221;{}&#8221;][et_pb_row column_structure=&#8221;3_5,2_5&#8243; _builder_version=&#8221;4.21.0&#8243; _module_preset=&#8221;default&#8221; custom_padding=&#8221;||38px|||&#8221; global_colors_info=&#8221;{}&#8221;][et_pb_column type=&#8221;3_5&#8243; _builder_version=&#8221;4.21.0&#8243; _module_preset=&#8221;default&#8221; global_colors_info=&#8221;{}&#8221;][et_pb_text _builder_version=&#8221;4.21.0&#8243; _module_preset=&#8221;default&#8221; header_font_size=&#8221;40px&#8221; global_colors_info=&#8221;{}&#8221;]<\/p>\n<h1><b>Gianni Materazzo<\/b><\/h1>\n<p>Gianni Materazzo trascorre l&#8217;infanzia e l&#8217;adolescenza a Tripoli, in Libia. Tornato in Italia, si stabilisce con la famiglia a Bologna, dove tuttora vive e lavora e dove, di solito, ambienta i suoi romanzi polizieschi che hanno come protagonista l&#8217;avvocato Luca Marotta.<\/p>\n<p>Laureato in giurisprudenza, far\u00e0 un uso molto limitato del suo titolo di studio, passando invece attraverso una serie di esperienze lavorative che poco hanno a che fare con codici e diritto: pubblicista, insegnante, assistente alla regia, illustratore, grafico pubblicitario, disegnatore di fumetti.<\/p>\n<p>Nel &#8217;74 apre a Bologna la prima e unica libreria per ragazzi &#8211; oggi Citt\u00e0 del Sole &#8211; che, oltre a promuovere incontri e dibattiti, diventa nel tempo un importante punto di riferimento didattico per le scuole dell&#8217;infanzia e del primo ciclo. Esordisce come giallista, non scrivendo un romanzo ma disegnando un fumetto poliziesco per &#8220;Orient Express&#8221;, la rivista diretta all&#8217;epoca da Luigi Bernardi. La storia \u00e8 tratta da un romanzo di Loriano Macchiavelli, &#8220;Le tracce dell&#8217;attentato&#8221;, e sar\u00e0 ripubblicata nel 2005 dall&#8217;editore Dario Flaccovio in un&#8217;edizione per collezionisti.<\/p>\n<p>Solo pochi anni dopo si cimenta anche nella narrativa di genere, scrivendo il suo primo romanzo poliziesco, &#8220;Delitti imperfetti&#8221;, e vincendo inaspettatamente il &#8220;Premio Alberto Tedeschi&#8221; al Mystfest di Cattolica nel 1989. Sempre pubblicati dal Giallo Mondadori, seguiranno altri tre romanzi: &#8216; Cherchez la femme&#8217;, &#8216; Villa Maltraversi&#8217;, &#8216; I labirinti della memoria&#8217;. Dalle prime tre, la RAI trae altrettante serie televisive (titolo della serie, &#8220;Tre passi nel crimine&#8221;), che vengono trasmesse in prima serata con un notevole successo di ascolto e di critica.<\/p>\n<p>L&#8217;interprete principale dei film \u00e8 Gioele Dix nei panni del duro Luca Marotta, un&#8217;anomala figura di avvocato. Nel frattempo, entra a far parte dello storico &#8220;Gruppo dei Tredici&#8221; che riunisce scrittori dei gialli di Bologna e dintorni, molti dei quali ben noti ai lettori del genere. He also writes numerous short stories for anthologies and collections, as well as for newspapers and magazines, such as \u2018 Joy \u2019, \u2018 Modern Woman \u2019 The Red Shrimp \u2018.<\/p>\n<p>Ha poi trascorso un lungo periodo durante il quale ha collaborato con la First Film, una casa di produzione televisiva, scrivendo soggetti, trattamenti, sceneggiature. Da un paio d&#8217;anni ha ripreso la sua attivit\u00e0 di giallista, completando la stesura di due nuovi romanzi. Il primo, &#8220;Venerd\u00ec 17&#8221;, \u00e8 una storia tra il giallo e il thriller che si svolge a Positano nel bel mezzo di un&#8217;estate torrida: ancora una volta l&#8217;avvocato Marotta \u00e8 il protagonista.<\/p>\n<p>Il romanzo \u00e8 stato pubblicato da Alberto Perdise Editore nel giugno 2006. Il secondo, &#8220;L&#8217;album di famiglia&#8221;, \u00e8 invece un noir ambientato nei lontani, bui anni &#8217;50: teatro della vicenda \u00e8 un piccolo, sperduto paese dell&#8217;Appennino centrale. Quest&#8217;ultimo romanzo \u00e8 uscito in libreria nel settembre 2007, pubblicato da Alberto Perdisa Editore.<\/p>\n<p>[\/et_pb_text][\/et_pb_column][et_pb_column type=&#8221;2_5&#8243; _builder_version=&#8221;4.21.0&#8243; _module_preset=&#8221;default&#8221; global_colors_info=&#8221;{}&#8221;][et_pb_image src=&#8221;https:\/\/torricellapeligna.org\/wp-content\/uploads\/2023\/06\/NotableGMaterazzo2.jpg&#8221; title_text=&#8221;NotableGMaterazzo2&#8243; _builder_version=&#8221;4.21.0&#8243; _module_preset=&#8221;default&#8221; global_colors_info=&#8221;{}&#8221;][\/et_pb_image][\/et_pb_column][\/et_pb_row][\/et_pb_section][et_pb_section fb_built=&#8221;1&#8243; _builder_version=&#8221;4.21.0&#8243; _module_preset=&#8221;default&#8221; background_color=&#8221;#343A40&#8243; custom_padding=&#8221;32px||35px|||&#8221; global_colors_info=&#8221;{}&#8221;][et_pb_row column_structure=&#8221;2_5,3_5&#8243; _builder_version=&#8221;4.21.0&#8243; _module_preset=&#8221;default&#8221; custom_padding=&#8221;||38px|||&#8221; global_colors_info=&#8221;{}&#8221;][et_pb_column type=&#8221;2_5&#8243; _builder_version=&#8221;4.21.0&#8243; _module_preset=&#8221;default&#8221; global_colors_info=&#8221;{}&#8221;][et_pb_image src=&#8221;https:\/\/torricellapeligna.org\/wp-content\/uploads\/2023\/06\/NotableMPersichitti.jpg&#8221; title_text=&#8221;NotableMPersichitti&#8221; _builder_version=&#8221;4.21.0&#8243; _module_preset=&#8221;default&#8221; global_colors_info=&#8221;{}&#8221;][\/et_pb_image][\/et_pb_column][et_pb_column type=&#8221;3_5&#8243; _builder_version=&#8221;4.21.0&#8243; _module_preset=&#8221;default&#8221; global_colors_info=&#8221;{}&#8221;][et_pb_text _builder_version=&#8221;4.21.0&#8243; _module_preset=&#8221;default&#8221; text_text_color=&#8221;#EDECE3&#8243; header_text_color=&#8221;#EDECE3&#8243; header_font_size=&#8221;40px&#8221; global_colors_info=&#8221;{}&#8221;]<\/p>\n<h1><b>Michele Persichetti<\/b><\/h1>\n<p><b><\/b><\/p>\n<p>Esercitava la professione di medico con abnegazione e ammirevole sacrificio. Per molti anni Presidente dell&#8217;Amministrazione Provinciale di Chieti. \u00c8 stato pi\u00f9 volte riconfermato in quella posizione grazie alle sue qualit\u00e0 di amministratore onesto e saggio degli interessi pubblici.  <\/p>\n<p>Esercito&#8217; la professione di medico con spirito di abnegazione e ammirevole sacrificio. Fu per molti anni presidente dell&#8217;amministrazione provinciale di Chieti. E&#8217; stato riconfermato piu&#8217; volte nell&#8217;alta carica, per i suoi meriti e per le sue doti di integerrimo e saggio amministratore della cosa pubblica.<\/p>\n<p>&nbsp;<\/p>\n<p>[\/et_pb_text][\/et_pb_column][\/et_pb_row][\/et_pb_section][et_pb_section fb_built=&#8221;1&#8243; _builder_version=&#8221;4.21.0&#8243; _module_preset=&#8221;default&#8221; background_color=&#8221;#EDECE3&#8243; custom_padding=&#8221;32px||35px|||&#8221; global_colors_info=&#8221;{}&#8221;][et_pb_row column_structure=&#8221;2_5,3_5&#8243; _builder_version=&#8221;4.21.0&#8243; _module_preset=&#8221;default&#8221; custom_padding=&#8221;||38px|||&#8221; global_colors_info=&#8221;{}&#8221;][et_pb_column type=&#8221;2_5&#8243; _builder_version=&#8221;4.21.0&#8243; _module_preset=&#8221;default&#8221; global_colors_info=&#8221;{}&#8221;][et_pb_text _builder_version=&#8221;4.21.0&#8243; _module_preset=&#8221;default&#8221; header_font_size=&#8221;40px&#8221; global_colors_info=&#8221;{}&#8221;]<\/p>\n<h1><b>Ettore Porreca<\/b><\/h1>\n<p>&nbsp;<\/p>\n<p>Ettore Porreca di ciufielle \u00e8 nato a Torricella Peligna nel 1920.<\/p>\n<p>Attualmente vive a Buffalo, New York. \u00c8 stato fotografo professionista http:\/\/www.ettoreinjapan.com\/ e musicista. Il Professional Photographers of America gli ha conferito i prestigiosi titoli di &#8220;Master of Photography&#8221; e &#8220;Craftsman of Photography&#8221; per l&#8217;eccezionale qualit\u00e0 del suo lavoro e per il suo contributo alla professione.<\/p>\n<p>Ha da poco compiuto 90 anni e continua a cantare e suonare il jazz degli anni &#8217;30 e &#8217;40 con la Sentimental Journey Band. \u00c8 stato presentato a pagina 23 del 18\u00b0 numero di Chi&#8217;ssi dicie?, la newsletter italiana online dedicata a Torricella Peligna. Clicca qui per la traduzione: &#8220;Ettore Porreca di ciufielle, affermato fotografo e musicista&#8221;.<\/p>\n<p>[\/et_pb_text][\/et_pb_column][et_pb_column type=&#8221;3_5&#8243; _builder_version=&#8221;4.21.0&#8243; _module_preset=&#8221;default&#8221; global_colors_info=&#8221;{}&#8221;][et_pb_code _builder_version=&#8221;4.21.0&#8243; _module_preset=&#8221;default&#8221; global_colors_info=&#8221;{}&#8221;]<iframe width=\"560\" height=\"315\" data-src=\"https:\/\/www.youtube.com\/embed\/Em07kXkUb5k\" title=\"YouTube video player\" frameborder=\"0\" allow=\"accelerometer; autoplay; clipboard-write; encrypted-media; gyroscope; picture-in-picture; web-share\" allowfullscreen=\"\" src=\"data:image\/svg+xml;base64,PHN2ZyB3aWR0aD0iMSIgaGVpZ2h0PSIxIiB4bWxucz0iaHR0cDovL3d3dy53My5vcmcvMjAwMC9zdmciPjwvc3ZnPg==\" class=\"lazyload\" data-load-mode=\"1\"><\/iframe>[\/et_pb_code][\/et_pb_column][\/et_pb_row][\/et_pb_section][et_pb_section fb_built=&#8221;1&#8243; _builder_version=&#8221;4.21.0&#8243; _module_preset=&#8221;default&#8221; background_color=&#8221;#343A40&#8243; custom_padding=&#8221;32px||35px|||&#8221; global_colors_info=&#8221;{}&#8221;][et_pb_row column_structure=&#8221;1_4,3_4&#8243; _builder_version=&#8221;4.21.0&#8243; _module_preset=&#8221;default&#8221; custom_padding=&#8221;||38px|||&#8221; global_colors_info=&#8221;{}&#8221;][et_pb_column type=&#8221;1_4&#8243; _builder_version=&#8221;4.21.0&#8243; _module_preset=&#8221;default&#8221; global_colors_info=&#8221;{}&#8221;][et_pb_image src=&#8221;https:\/\/torricellapeligna.org\/wp-content\/uploads\/2023\/06\/NotableLPorreca.jpg&#8221; title_text=&#8221;NotableLPorreca&#8221; _builder_version=&#8221;4.21.0&#8243; _module_preset=&#8221;default&#8221; global_colors_info=&#8221;{}&#8221;][\/et_pb_image][\/et_pb_column][et_pb_column type=&#8221;3_4&#8243; _builder_version=&#8221;4.21.0&#8243; _module_preset=&#8221;default&#8221; global_colors_info=&#8221;{}&#8221;][et_pb_text _builder_version=&#8221;4.21.0&#8243; _module_preset=&#8221;default&#8221; text_text_color=&#8221;#EDECE3&#8243; header_text_color=&#8221;#EDECE3&#8243; header_font_size=&#8221;40px&#8221; global_colors_info=&#8221;{}&#8221;]<\/p>\n<h1><b>Lelio Porreca<\/b><\/h1>\n<p>Scrittore, poeta, ecologista e primo sostenitore del Parco Nazionale della Majella<\/p>\n<p>Mentre Porreca scriveva &#8211; note di costume, studi sulle tradizioni popolari, ricerche storiche e sul turismo &#8211; sui quotidiani e sui periodici, contemporaneamente si dedicava anche al recupero di reperti archeologici risalenti addirittura al VI secolo a.C., come l&#8217;elmo bronzeo di Torricella Peligna, conservato al Museo Nazionale di Chieti. A Porreca si deve la prima ripresa dello scavo sistematico a Juvanum, nel territorio di Montenerodomo.<\/p>\n<p>Il volumetto satirico &#8220;Piccolo ritratto di un carrierista politico&#8221;, pubblicato nel 1961, serve a ricordare quel periodo politico incandescente. Da allora Porreca ha individuato le cause della degenerazione politica e l&#8217;emergere della malattia, il &#8220;protagonismo&#8221;, che rende le persone desiderose solo di soddisfare i propri interessi controllando la volont\u00e0 degli elettori, come risposta alle complesse esigenze della societ\u00e0. Dovremmo tornare indietro e rileggere quelle pagine per ricordarci di soddisfare questi bisogni, perch\u00e9 sono stati in gran parte dimenticati negli anni successivi alla loro stesura. Sarebbe quindi opportuno trovare uno degli ultimi articoli scritti da Porreca, rivolto agli intellettuali. Sarebbe troppo lungo ripercorrere tutte le sue pubblicazioni, ma \u00e8 doveroso citare quella intitolata &#8220;Una passeggiata in Abruzzo&#8221; dove si incontrano: il richiamo alla religione della terra; il riferimento alle radici storiche nelle fasi di sviluppo civile e di successiva decadenza; la modifica dei costumi ma anche le tradizioni conservate. Cos\u00ec, mentre l&#8217;autore parla della realt\u00e0 attuale, sottopone le immagini a un continuo declino, che si muove tra i ricordi del passato e le aspettative e la speranza nel futuro. Nel frattempo deduce che le strade d&#8217;Abruzzo possono trarre dalle bellezze della natura e dal fascino della storia i mezzi per sopravvivere. Cos\u00ec le localit\u00e0 appaiono vive, Guardiagrele, Gessopalena, Torricella Peligna, Montenerodomo, Majella, il Parco Nazionale d&#8217;Abruzzo e la Grotta del Cavallone.<\/p>\n<p>L&#8217;opera di Porreca intitolata &#8220;C&#8217;era una volta il cielo&#8221;, edita nel 1982, \u00e8 un romanzo ambientato ad Agnone.(1) In essa scrive sia delle vicissitudini dell&#8217;ultima guerra sia della rinascita della speranza e dell&#8217;amore. In quest&#8217;opera l&#8217;arte di Porreca ha raggiunto la maturit\u00e0 nell&#8217;uso di metodi espressivi in grado di interpretare anche i pi\u00f9 lievi pensieri e i pi\u00f9 nascosti moti dell&#8217;animo.<\/p>\n<p>Per completare questo quadro di Lelio Porreca ricordiamo che fu uno dei fondatori della &#8220;Pro-Loco&#8221; (2) di Torricella Peligna e che, in qualit\u00e0 di presidente, fu lo spirito guida di tante manifestazioni per la promozione e lo sviluppo turistico dell&#8217;intera regione. Organizz\u00f2 il Convegno &#8220;Salviamo la Majella&#8221; nel gennaio 1971 che suscit\u00f2 grande interesse a livello nazionale per le sue idee ecologiche di tutela delle zone montane, ottenendo l&#8217;approvazione di Indiro Montanelli in un suo editoriale intitolato &#8220;Civismo&#8221; (3) apparso sul &#8220;Corriera della Sera&#8221;.(4)<\/p>\n<p>In difesa della natura Porreca \u00e8 intervenuto per bloccare l&#8217;avanzamento di una cava di pietra che stava distruggendo &#8220;La Morgia&#8221;, un maestoso masso calcareo di naturale bellezza panoramica, che sorge tra Gessopalena e Torricella Peligna.<\/p>\n<p>Per aver prodotto tanta letteratura, Lelio Porreca vivr\u00e0 nel cuore e nell&#8217;anima di tutti coloro che leggeranno le sue numerose opere e condivideranno il suo messaggio di amore per la natura, per la storia, per gli ideali e i valori, con i quali ha vissuto in modo coeso sia come uomo che come cittadino.<\/p>\n<p>[\/et_pb_text][\/et_pb_column][\/et_pb_row][\/et_pb_section][et_pb_section fb_built=&#8221;1&#8243; _builder_version=&#8221;4.21.0&#8243; _module_preset=&#8221;default&#8221; background_color=&#8221;#EDECE3&#8243; custom_padding=&#8221;32px||35px|||&#8221; global_colors_info=&#8221;{}&#8221;][et_pb_row column_structure=&#8221;3_5,2_5&#8243; _builder_version=&#8221;4.21.0&#8243; _module_preset=&#8221;default&#8221; custom_padding=&#8221;||38px|||&#8221; global_colors_info=&#8221;{}&#8221;][et_pb_column type=&#8221;3_5&#8243; _builder_version=&#8221;4.21.0&#8243; _module_preset=&#8221;default&#8221; global_colors_info=&#8221;{}&#8221;][et_pb_text _builder_version=&#8221;4.21.0&#8243; _module_preset=&#8221;default&#8221; header_font_size=&#8221;40px&#8221; global_colors_info=&#8221;{}&#8221;]<\/p>\n<h1><b>Antonio Piccone Stella<\/b><\/h1>\n<p>Direttore dei servizi giornalistici della RAI dal 1946 al 1962<\/p>\n<p>All&#8217;inizio degli anni Trenta entra in EIAR proprio quando il primo direttore del radiogiornale, Pio Casali (giornalista de IL RESTO DEL CARLINO), sta mettendo insieme la redazione. Piccone Stella divenne in pochi anni capo redattore e braccio destro di Casali (il gr era stato trasferito a Roma). nel 1935 come direttore del giornale radio propone due nuove edizioni del grande Piccone Stella si reca in Etiopia come reporter di guerra e sbarca con i soldati italiani in Albania per raccontare, giorno per giorno, l&#8217;invasione voluta dal fascismo.<\/p>\n<p>L&#8217;8 settembre 1943 scelse di non collaborare con i tedeschi per sfuggire alla possibile ingiunzione e si rifugi\u00f2 in casa di un amico. Torn\u00f2 quindi in Abruzzo per trasferirsi a Bari dove si present\u00f2 alla stazione radio gestita dall&#8217;VIII Armata britannica e riprese il suo lavoro: &#8220;Non avevo una lira, il che non imped\u00ec alla Radio Roma germanizzata di chiamare me e i miei collaboratori (Alba De Cepedes , Anton Giulio Majano, Diego Calcagno e Pio Ambrogetti). Tra gli altri collaboratori Pio Ambrogetti Antonietta Drago, Giorgio Spini, Agostino Degli Espinosa, Vicenzo Talarico.<\/p>\n<p>Antonio Piccone Stella divenne direttore del radiogiornale, sostituendo Corrado Alvaro, il noto scrittore; con l&#8217;arrivo della televisione tocc\u00f2 a Piccone Stella il compito di organizzare il telegiornale la cui prima sede fu a Milano, inviato Vittorio Veltroni. Piccone Stella ha assunto l&#8217;incarico di direttore centrale dei servizi giornalistici con la doppia responsabilit\u00e0 del radiogiornale e del telegiornale. \u00c8 stato lui ad assumere Sergio Zavoli in Rai.<\/p>\n<p>Nel 1948 Piccone Stella scrisse una GUIDA PRATICA PER CHI PARLA ALLA RADIO E PER CHI L&#8217;ASCOLTA, che per decenni fu quasi una Bibbia che i giornalisti appena assunti alla radio ricevettero con gli auguri per il loro lavoro. Con Antonio Piccone Stella \u00e8 nato il linguaggio radiofonico, quel libretto era un manuale del perfetto e obiettivo giornalista radiofonico. All&#8217;inizio degli anni Cinquanta Piccone rafforz\u00f2 il gr creando numerosi speciali (memorabile quello sulla valle del Polesine). Nel 1954, con l&#8217;avvento della TV Piccone Stella, viene nominato direttore dei servizi giornalistici della Rai. La lunga stagione di Piccone Stella alla Rai si conclude all&#8217;inizio del 1962, nei 35 anni fino alla sua morte nel 1997.<\/p>\n<p>[\/et_pb_text][\/et_pb_column][et_pb_column type=&#8221;2_5&#8243; _builder_version=&#8221;4.21.0&#8243; _module_preset=&#8221;default&#8221; global_colors_info=&#8221;{}&#8221;][et_pb_image src=&#8221;https:\/\/torricellapeligna.org\/wp-content\/uploads\/2023\/06\/NotableAPStella.jpg&#8221; title_text=&#8221;NotableAPStella&#8221; _builder_version=&#8221;4.21.0&#8243; _module_preset=&#8221;default&#8221; global_colors_info=&#8221;{}&#8221;][\/et_pb_image][\/et_pb_column][\/et_pb_row][\/et_pb_section][et_pb_section fb_built=&#8221;1&#8243; _builder_version=&#8221;4.21.0&#8243; _module_preset=&#8221;default&#8221; background_color=&#8221;#343A40&#8243; custom_padding=&#8221;32px||35px|||&#8221; global_colors_info=&#8221;{}&#8221;][et_pb_row column_structure=&#8221;2_5,3_5&#8243; _builder_version=&#8221;4.21.0&#8243; _module_preset=&#8221;default&#8221; custom_padding=&#8221;||38px|||&#8221; global_colors_info=&#8221;{}&#8221;][et_pb_column type=&#8221;2_5&#8243; _builder_version=&#8221;4.21.0&#8243; _module_preset=&#8221;default&#8221; global_colors_info=&#8221;{}&#8221;][et_pb_image src=&#8221;https:\/\/torricellapeligna.org\/wp-content\/uploads\/2023\/06\/NotableVincenzoTaito1955.jpeg&#8221; title_text=&#8221;NotableVincenzoTaito1955&#8243; align=&#8221;center&#8221; _builder_version=&#8221;4.21.0&#8243; _module_preset=&#8221;default&#8221; max_height=&#8221;500px&#8221; global_colors_info=&#8221;{}&#8221;][\/et_pb_image][\/et_pb_column][et_pb_column type=&#8221;3_5&#8243; _builder_version=&#8221;4.21.0&#8243; _module_preset=&#8221;default&#8221; global_colors_info=&#8221;{}&#8221;][et_pb_text _builder_version=&#8221;4.21.0&#8243; _module_preset=&#8221;default&#8221; text_text_color=&#8221;#EDECE3&#8243; header_text_color=&#8221;#EDECE3&#8243; header_font_size=&#8221;40px&#8221; global_colors_info=&#8221;{}&#8221;]<\/p>\n<h1><b><\/b><\/h1>\n<h1><b>Vincenzo Taito<\/b><\/h1>\n<p><b><\/b><\/p>\n<p>Produttore cinematografico<\/p>\n<p>&nbsp;<\/p>\n<p>Diversi film con Pier Paolo Pasolini. <\/p>\n<p><b><\/b><\/p>\n<p>Vincenzo Taito \u00e8 noto perBig Deal on Madonna Street (1958), Appointment for Murder (1951) and The White Sheik (1952).<\/p>\n<p>\u00c8 possibile consultare il suo <a href=\"https:\/\/www.imdb.com\/name\/nm0846931\/\" target=\"_blank\" rel=\"noopener\">profilo IMDB qui.<\/a><\/p>\n<p>[\/et_pb_text][\/et_pb_column][\/et_pb_row][\/et_pb_section][et_pb_section fb_built=&#8221;1&#8243; _builder_version=&#8221;4.21.0&#8243; _module_preset=&#8221;default&#8221; background_color=&#8221;#EDECE3&#8243; custom_padding=&#8221;32px||35px|||&#8221; global_colors_info=&#8221;{}&#8221;][et_pb_row column_structure=&#8221;3_5,2_5&#8243; _builder_version=&#8221;4.21.0&#8243; _module_preset=&#8221;default&#8221; custom_padding=&#8221;||38px|||&#8221; global_colors_info=&#8221;{}&#8221;][et_pb_column type=&#8221;3_5&#8243; _builder_version=&#8221;4.21.0&#8243; _module_preset=&#8221;default&#8221; global_colors_info=&#8221;{}&#8221;][et_pb_text _builder_version=&#8221;4.21.0&#8243; _module_preset=&#8221;default&#8221; header_font_size=&#8221;40px&#8221; global_colors_info=&#8221;{}&#8221;]<\/p>\n<h1><b>Camillo Teti<\/b><\/h1>\n<p><b><\/b><\/p>\n<p><b><\/b><\/p>\n<p>Camillo Teti \u00e8 un regista, produttore, produttore esecutivo, scrittore, sceneggiatore, nato il 5 marzo 1939 a Roma (Italia). Nei suoi 19 anni di carriera come regista ha diretto Yo-Rhad , Space Navigators e Titanic, mille e una storia. A volte Camillo lavorava con gli pseudonimi di Mark Davis e A. Maker. \u00c8 figlio del produttore cinematografico Federico Teti.<\/p>\n<p>[\/et_pb_text][\/et_pb_column][et_pb_column type=&#8221;2_5&#8243; _builder_version=&#8221;4.21.0&#8243; _module_preset=&#8221;default&#8221; global_colors_info=&#8221;{}&#8221;][et_pb_image src=&#8221;https:\/\/torricellapeligna.org\/wp-content\/uploads\/2023\/06\/NotableCTeti.jpg&#8221; title_text=&#8221;NotevoleCTeti&#8221; _builder_version=&#8221;4.21.0&#8243; _module_preset=&#8221;default&#8221; global_colors_info=&#8221;{}&#8221;][\/et_pb_image][\/et_pb_column][\/et_pb_row][\/et_pb_section][et_pb_section fb_built=&#8221;1&#8243; _builder_version=&#8221;4.21.0&#8243; _module_preset=&#8221;default&#8221; background_color=&#8221;#343A40&#8243; custom_padding=&#8221;32px||35px|||&#8221; global_colors_info=&#8221;{}&#8221;][et_pb_row column_structure=&#8221;2_5,3_5&#8243; _builder_version=&#8221;4.21.0&#8243; _module_preset=&#8221;default&#8221; custom_padding=&#8221;||16px|||&#8221; global_colors_info=&#8221;{}&#8221;][et_pb_column type=&#8221;2_5&#8243; _builder_version=&#8221;4.21.0&#8243; _module_preset=&#8221;default&#8221; global_colors_info=&#8221;{}&#8221;][et_pb_image src=&#8221;https:\/\/torricellapeligna.org\/wp-content\/uploads\/2023\/06\/NotableFedericoTeti-AP.jpg&#8221; title_text=&#8221;NotevoleFedericoTeti-AP&#8221; align=&#8221;center&#8221; _builder_version=&#8221;4.21.0&#8243; _module_preset=&#8221;default&#8221; max_height=&#8221;350px&#8221; global_colors_info=&#8221;{}&#8221;][\/et_pb_image][\/et_pb_column][et_pb_column type=&#8221;3_5&#8243; _builder_version=&#8221;4.21.0&#8243; _module_preset=&#8221;default&#8221; global_colors_info=&#8221;{}&#8221;][et_pb_text _builder_version=&#8221;4.21.0&#8243; _module_preset=&#8221;default&#8221; text_text_color=&#8221;#EDECE3&#8243; header_text_color=&#8221;#EDECE3&#8243; header_font_size=&#8221;40px&#8221; global_colors_info=&#8221;{}&#8221;]<\/p>\n<h1><b><\/b><\/h1>\n<h1><b><\/b><\/h1>\n<h1><b>Federico Teti<\/b><\/h1>\n<p>Produttore di diversi film di successo. Federico Teti \u00e8 noto per Aida (1953), Vite perdute (1959) e La moglie \u00e8 uguale per tutti (1955).<\/p>\n<p>[\/et_pb_text][\/et_pb_column][\/et_pb_row][\/et_pb_section][et_pb_section fb_built=&#8221;1&#8243; _builder_version=&#8221;4.21.0&#8243; _module_preset=&#8221;default&#8221; background_color=&#8221;#EDECE3&#8243; custom_padding=&#8221;0px||35px|||&#8221; global_colors_info=&#8221;{}&#8221;][et_pb_row column_structure=&#8221;3_5,2_5&#8243; _builder_version=&#8221;4.21.0&#8243; _module_preset=&#8221;default&#8221; custom_padding=&#8221;48px||38px|||&#8221; global_colors_info=&#8221;{}&#8221;][et_pb_column type=&#8221;3_5&#8243; _builder_version=&#8221;4.21.0&#8243; _module_preset=&#8221;default&#8221; global_colors_info=&#8221;{}&#8221;][et_pb_text _builder_version=&#8221;4.21.0&#8243; _module_preset=&#8221;default&#8221; header_font_size=&#8221;40px&#8221; global_colors_info=&#8221;{}&#8221;]<\/p>\n<h1>Laura de Laurentiis<\/h1>\n<p>&nbsp;<\/p>\n<p>Laura de Laurentiis, nata a Padova, \u00e8 figlia di Pietranonio de Laurentiis e nipote di Quirino de Laurentiis e Marianna Carapella, tutti di Torricella Peligna. Vive a Bergamo. Ha una figlia di 27 anni, Valentina, e un figlio di 20 anni, Andrea.  <\/p>\n<p>&nbsp;<\/p>\n<p>Laura de Laurentiis scrive di psicologia, salute e coppia per diverse pubblicazioni nazionali. Ha scritto e curato circa 40 manuali, venduti come inserti della rivista Viver Sani e Belli e ora in vendita in alcune edicole e su Internet. Ha inoltre scritto e curato la mini-enciclopedia Il pediatra risponde dalla A alla Z (Edizioni Fabbri), e numerosi libri tra cui: Sposi oggi domani sempre (EDPS Publishing), E adesso. . . nanna. Come insegnargli a dormire (And Now. . . Sleep. Come insegnare ai bambini a dormire &#8211; Sfera Editore), E adesso. . . gioco. Come il gioco aiuta a crescere (And Now. . . Play. How Play Helps Growth &#8211; Sfera Editore). Recentemente ha scritto il suo primo romanzo, Baffi &amp; Tarocchi S.r.l. (Baffi &amp; Tarocchi, Inc. &#8211; Badaracco Publishing).  <\/p>\n<p><a href=\"https:\/\/www.libreriauniversitaria.it\/libri-autore_de+laurentiis+laura-de+laurentiis+laura.htm\" target=\"_blank\" rel=\"noopener\">I libri di Lauras sono disponibili qui.<\/a><\/p>\n<p>&nbsp;<\/p>\n<p>[\/et_pb_text][\/et_pb_column][et_pb_column type=&#8221;2_5&#8243; _builder_version=&#8221;4.21.0&#8243; _module_preset=&#8221;default&#8221; global_colors_info=&#8221;{}&#8221;][et_pb_image src=&#8221;https:\/\/torricellapeligna.org\/wp-content\/uploads\/2023\/06\/Lit-deLaur-bio-con-tutti-i-miei-libri-poi-sono-finiti-tutti-venduti.jpg&#8221; title_text=&#8221;Lit-deLaur-bio-con tutti i miei libri- poi sono finiti (tutti venduti!)&#8221; _builder_version=&#8221;4.21.0&#8243; _module_preset=&#8221;default&#8221; global_colors_info=&#8221;{}&#8221;][\/et_pb_image][\/et_pb_column][\/et_pb_row][\/et_pb_section]<\/p>\n","protected":false},"excerpt":{"rendered":"<p>In questa pagina troverete una raccolta di persone di Torricella Peligna o legate alla citt\u00e0 che hanno raggiunto grandi traguardi nella loro vita.Silvia Colloca Silvia Colloca \u00e8 un&#8217;attrice italo-australiana, cantante lirica, autrice di libri di cucina e personaggio televisivo di programmi di cucina. Ha pubblicato sei libri di cucina. Colloca \u00e8 nata a Milano da [&hellip;]<\/p>\n","protected":false},"author":1,"featured_media":0,"parent":0,"menu_order":0,"comment_status":"closed","ping_status":"closed","template":"","meta":{"_et_pb_use_builder":"on","_et_pb_old_content":"","_et_gb_content_width":"","_uf_show_specific_survey":0,"_uf_disable_surveys":false,"iawp_total_views":130,"footnotes":""},"class_list":["post-207736","page","type-page","status-publish","hentry"],"_links":{"self":[{"href":"https:\/\/torricellapeligna.org\/it\/wp-json\/wp\/v2\/pages\/207736","targetHints":{"allow":["GET"]}}],"collection":[{"href":"https:\/\/torricellapeligna.org\/it\/wp-json\/wp\/v2\/pages"}],"about":[{"href":"https:\/\/torricellapeligna.org\/it\/wp-json\/wp\/v2\/types\/page"}],"author":[{"embeddable":true,"href":"https:\/\/torricellapeligna.org\/it\/wp-json\/wp\/v2\/users\/1"}],"replies":[{"embeddable":true,"href":"https:\/\/torricellapeligna.org\/it\/wp-json\/wp\/v2\/comments?post=207736"}],"version-history":[{"count":5,"href":"https:\/\/torricellapeligna.org\/it\/wp-json\/wp\/v2\/pages\/207736\/revisions"}],"predecessor-version":[{"id":207741,"href":"https:\/\/torricellapeligna.org\/it\/wp-json\/wp\/v2\/pages\/207736\/revisions\/207741"}],"wp:attachment":[{"href":"https:\/\/torricellapeligna.org\/it\/wp-json\/wp\/v2\/media?parent=207736"}],"curies":[{"name":"wp","href":"https:\/\/api.w.org\/{rel}","templated":true}]}}